{"id":2,"date":"2016-05-18T13:57:26","date_gmt":"2016-05-18T13:57:26","guid":{"rendered":"http:\/\/themes.muffingroup.com\/be\/medic2\/?page_id=2"},"modified":"2022-10-31T17:24:42","modified_gmt":"2022-10-31T20:24:42","slug":"home-2","status":"publish","type":"page","link":"https:\/\/periodoncia.com.ar\/2016\/","title":{"rendered":"Home"},"content":{"rendered":"<div id=\"dslc-theme-content\"><div id=\"dslc-theme-content-inner\"><div class=\"wpb-content-wrapper\"><p>[vc_row][vc_column][vc_empty_space height=\"64\"][\/vc_column][\/vc_row][vc_row][vc_column width=\"1\/4\"]<div class=\"icon_box icon_position_top has_border\"><a class=\"\" href=\"\/2016\/diagnostico\/\"   title=\"\"><div class=\"icon_wrapper\"><div class=\"icon\"><i class=\"fa-solid fa-user-nurse\" aria-hidden=\"true\"><\/i><\/div><\/div><div class=\"desc_wrapper\"><h4 class=\"title\">DIAGN\u00d3STICO<\/h4><div class=\"desc\">La enfermedad periodontal puede variar desde una simple inflamaci\u00f3n de las enc\u00edas o gingivitis hasta una enfermedad grave...<\/div><\/div><\/a><\/div>\n[\/vc_column][vc_column width=\"1\/4\"]<div class=\"icon_box icon_position_top has_border\"><a class=\"\" href=\"\/2016\/tratamiento-periodontal\/\"   title=\"\"><div class=\"icon_wrapper\"><div class=\"icon\"><i class=\"fa-solid fa-tooth\" aria-hidden=\"true\"><\/i><\/div><\/div><div class=\"desc_wrapper\"><h4 class=\"title\">TRATAMIENTO<\/h4><div class=\"desc\">La meta principal del tratamiento es controlar la infecci\u00f3n. El n\u00famero y tipos de tratamiento variar\u00e1n dependiendo de la...<\/div><\/div><\/a><\/div>\n[\/vc_column][vc_column width=\"1\/4\"]<div class=\"icon_box icon_position_top has_border\"><a class=\"\" href=\"\/2016\/blanqueamiento-dental\/\"   title=\"\"><div class=\"icon_wrapper\"><div class=\"icon\"><i class=\"fa-solid fa-teeth-open\" aria-hidden=\"true\"><\/i><\/div><\/div><div class=\"desc_wrapper\"><h4 class=\"title\">BLANQUEAMIENTO<\/h4><div class=\"desc\">Una parte esencial de la nueva odontolog\u00eda es la est\u00e9tica. la posibilidad de recuperar el tono de los dientes aclar\u00e1ndolos...<\/div><\/div><\/a><\/div>\n[\/vc_column][vc_column width=\"1\/4\"]<div class=\"icon_box icon_position_top no_border\"><a class=\"\" href=\"\/2016\/consultorios-2\/\"   title=\"\"><div class=\"icon_wrapper\"><div class=\"icon\"><i class=\"fa-solid fa-house-medical\" aria-hidden=\"true\"><\/i><\/div><\/div><div class=\"desc_wrapper\"><h4 class=\"title\">CONSULTORIOS<\/h4><div class=\"desc\">Nuestros consultorios est\u00e1n altamente equipados para tratar enfermedad periodontal...<\/div><\/div><\/a><\/div>\n[\/vc_column][\/vc_row][vc_row][vc_column][vc_empty_space height=\"64\"][\/vc_column][\/vc_row][vc_row][vc_column width=\"1\/2\"]<div class=\"flat_box\"><a href=\"\/2016\/el-odontologo-3\/?preview=true\"  title=\"\"><div class=\"photo_wrapper\"><div class=\"icon themebg\" ><i class=\"fa-solid fa-comment-medical\" aria-hidden=\"true\"><\/i><\/div><img loading=\"lazy\" decoding=\"async\" class=\"photo scale-with-grid\" src=\"https:\/\/periodoncia.com.ar\/2016\/wp-content\/uploads\/2022\/10\/dentista-mini.jpg\" alt=\"\" width=\"423\" height=\"160\"\/><\/div><div class=\"desc_wrapper\"><h4 class=\"title\">El Odontologo<\/h4><div class=\"desc\">Pocas personas se dan cuenta de lo que significa<br \/>\nla misi\u00f3n del dentista. Sin embargo, esta profesi\u00f3n<br \/>\nrequiere conocimientos...<\/div><\/div><\/a><\/div>\n[\/vc_column][vc_column width=\"1\/2\"]<div class=\"flat_box\"><a href=\"\/2016\/santa-apolonia-2\/?preview=true\"  title=\"\"><div class=\"photo_wrapper\"><div class=\"icon themebg\" ><i class=\"fa-solid fa-chess-queen\" aria-hidden=\"true\"><\/i><\/div><img loading=\"lazy\" decoding=\"async\" class=\"photo scale-with-grid\" src=\"https:\/\/periodoncia.com.ar\/2016\/wp-content\/uploads\/2022\/10\/POLONIA-mini.jpg\" alt=\"POLONIA mini\" width=\"423\" height=\"160\"\/><\/div><div class=\"desc_wrapper\"><h4 class=\"title\">Santa Apolonia<\/h4><div class=\"desc\">Santa Apolonia, Virgen y M\u00e1rtir<br \/>\nSu fiesta se celebraba el 9 de febrero<br \/>\nen el antiguo calendario lit\u00fargico<\/div><\/div><\/a><\/div>\n[\/vc_column][\/vc_row][vc_row][vc_column][vc_empty_space height=\"64\"][\/vc_column][\/vc_row]<\/p>\n<\/div><\/div><\/div>","protected":false},"excerpt":{"rendered":"<p>[vc_row][vc_column][vc_empty_space height=\"64\"][\/vc_column][\/vc_row][vc_row][vc_column width=\"1\/4\"][\/vc_column][vc_column width=\"1\/4\"][\/vc_column][vc_column width=\"1\/4\"][\/vc_column][vc_column width=\"1\/4\"][\/vc_column][\/vc_row][vc_row][vc_column][vc_empty_space height=\"64\"][\/vc_column][\/vc_row][vc_row][vc_column width=\"1\/2\"][\/vc_column][vc_column width=\"1\/2\"][\/vc_column][\/vc_row][vc_row][vc_column][vc_empty_space height=\"64\"][\/vc_column][\/vc_row]<\/p>\n","protected":false},"author":2,"featured_media":0,"parent":0,"menu_order":0,"comment_status":"closed","ping_status":"open","template":"","meta":{"footnotes":""},"class_list":["post-2","page","type-page","status-publish","hentry"],"_links":{"self":[{"href":"https:\/\/periodoncia.com.ar\/2016\/wp-json\/wp\/v2\/pages\/2","targetHints":{"allow":["GET"]}}],"collection":[{"href":"https:\/\/periodoncia.com.ar\/2016\/wp-json\/wp\/v2\/pages"}],"about":[{"href":"https:\/\/periodoncia.com.ar\/2016\/wp-json\/wp\/v2\/types\/page"}],"author":[{"embeddable":true,"href":"https:\/\/periodoncia.com.ar\/2016\/wp-json\/wp\/v2\/users\/2"}],"replies":[{"embeddable":true,"href":"https:\/\/periodoncia.com.ar\/2016\/wp-json\/wp\/v2\/comments?post=2"}],"version-history":[{"count":112,"href":"https:\/\/periodoncia.com.ar\/2016\/wp-json\/wp\/v2\/pages\/2\/revisions"}],"predecessor-version":[{"id":1043,"href":"https:\/\/periodoncia.com.ar\/2016\/wp-json\/wp\/v2\/pages\/2\/revisions\/1043"}],"wp:attachment":[{"href":"https:\/\/periodoncia.com.ar\/2016\/wp-json\/wp\/v2\/media?parent=2"}],"curies":[{"name":"wp","href":"https:\/\/api.w.org\/{rel}","templated":true}]}}